{"id":42442,"date":"2025-03-21T21:03:39","date_gmt":"2025-03-22T04:03:39","guid":{"rendered":"https:\/\/aclt-acoc.ca\/?page_id=42442"},"modified":"2026-03-05T06:59:07","modified_gmt":"2026-03-05T14:59:07","slug":"qui-sommes-nous","status":"publish","type":"page","link":"https:\/\/aclt-acoc.ca\/fr\/qui-sommes-nous\/","title":{"rendered":"Qui sommes nous"},"content":{"rendered":"<p>[et_pb_section fb_built=&#8221;1&#8243; admin_label=&#8221;hero&#8221; _builder_version=&#8221;4.27.4&#8243; background_color=&#8221;rgba(58,115,31,0.7)&#8221; background_image=&#8221;https:\/\/aclt-acoc.ca\/wp-content\/uploads\/2025\/03\/who_we01.jpg&#8221; background_blend=&#8221;multiply&#8221; min_height=&#8221;450px&#8221; custom_padding=&#8221;24px||24px||false|false&#8221; custom_css_main_element=&#8221;position:relative&#8221; custom_css_after=&#8221;\/*||content: &#8216;Cr\u00e9dit photo : Emilie Forget&#8217;;||position: absolute;||bottom:0;||left: 50%;||border-radius: 16px 16px 0 0;||transform: translatex(-50%);||background-color:#ffffff;||width:95%;||text-align: right;||font-size: 11px;||padding: 2px 16px;||color: rgba(16,116,187,.7);||line-height: 1em;*\/&#8221; locked=&#8221;off&#8221; collapsed=&#8221;on&#8221; global_colors_info=&#8221;{}&#8221;][et_pb_row _builder_version=&#8221;4.27.4&#8243; positioning=&#8221;absolute&#8221; position_origin_a=&#8221;center_center&#8221; custom_padding=&#8221;0px||0px||false|false&#8221; global_colors_info=&#8221;{}&#8221;][et_pb_column type=&#8221;4_4&#8243; _builder_version=&#8221;4.16&#8243; global_colors_info=&#8221;{}&#8221;][et_pb_text _builder_version=&#8221;4.27.4&#8243; _module_preset=&#8221;default&#8221; header_font=&#8221;|700|||||||&#8221; header_text_align=&#8221;center&#8221; header_text_color=&#8221;#FFFFFF&#8221; header_font_size=&#8221;60px&#8221; position_origin_a=&#8221;center_center&#8221; width=&#8221;100%&#8221; custom_margin=&#8221;||16px||false|false&#8221; header_font_size_tablet=&#8221;50px&#8221; header_font_size_phone=&#8221;28px&#8221; header_font_size_last_edited=&#8221;on|phone&#8221; locked=&#8221;off&#8221; global_colors_info=&#8221;{}&#8221;]<\/p>\n<h1 style=\"text-align: center;\">Qui sommes-nous ?<\/h1>\n<p>[\/et_pb_text][et_pb_text _builder_version=&#8221;4.27.4&#8243; _module_preset=&#8221;default&#8221; text_font=&#8221;||||||||&#8221; text_text_color=&#8221;#FFFFFF&#8221; text_font_size=&#8221;23px&#8221; text_line_height=&#8221;1.3em&#8221; header_font=&#8221;|700|||||||&#8221; header_text_align=&#8221;center&#8221; header_text_color=&#8221;#FFFFFF&#8221; header_font_size=&#8221;60px&#8221; header_line_height=&#8221;1.15em&#8221; header_6_font=&#8221;|600|||||||&#8221; header_6_font_size=&#8221;24px&#8221; position_origin_a=&#8221;center_center&#8221; text_orientation=&#8221;center&#8221; background_layout=&#8221;dark&#8221; width=&#8221;100%&#8221; custom_margin=&#8221;||16px||false|false&#8221; text_font_size_tablet=&#8221;20px&#8221; text_font_size_phone=&#8221;18px&#8221; text_font_size_last_edited=&#8221;on|phone&#8221; header_font_size_tablet=&#8221;50px&#8221; header_font_size_phone=&#8221;28px&#8221; header_font_size_last_edited=&#8221;on|phone&#8221; global_colors_info=&#8221;{}&#8221;]<\/p>\n<p style=\"text-align: center;\"><span class=\"OYPEnA font-feature-liga-off font-feature-clig-off font-feature-calt-off text-decoration-none text-strikethrough-none\">Renforcer la conservation des terres \u00e0 travers le Canada.<\/span><\/p>\n<p>[\/et_pb_text][\/et_pb_column][\/et_pb_row][et_pb_row disabled_on=&#8221;on|on|on&#8221; _builder_version=&#8221;4.27.4&#8243; _module_preset=&#8221;default&#8221; background_enable_color=&#8221;off&#8221; use_background_color_gradient=&#8221;on&#8221; background_color_gradient_direction=&#8221;90deg&#8221; background_color_gradient_stops=&#8221;rgba(255,255,255,0) 0%|rgba(255,255,255,0) 50%|#ffffff 71%|#ffffff 100%&#8221; positioning=&#8221;absolute&#8221; position_origin_a=&#8221;bottom_left&#8221; width=&#8221;98%&#8221; max_width=&#8221;6000px&#8221; custom_padding=&#8221;4px|8px|4px|8px|false|false&#8221; border_radii=&#8221;off||20px||&#8221; border_color_all=&#8221;#EDF000&#8243; disabled=&#8221;on&#8221; global_colors_info=&#8221;{%22gcid-primary-color%22:%91%22background_color%22%93}&#8221;][et_pb_column type=&#8221;4_4&#8243; _builder_version=&#8221;4.27.4&#8243; _module_preset=&#8221;default&#8221; global_colors_info=&#8221;{}&#8221;][et_pb_text _builder_version=&#8221;4.27.4&#8243; _module_preset=&#8221;default&#8221; text_text_color=&#8221;rgba(16,116,187,0.7)&#8221; text_font_size=&#8221;11px&#8221; text_line_height=&#8221;1.2em&#8221; background_enable_color=&#8221;off&#8221; position_origin_a=&#8221;bottom_right&#8221; text_orientation=&#8221;right&#8221; width=&#8221;100%&#8221; custom_padding=&#8221;|24px|||false|false&#8221; custom_css_before=&#8221;font-family: &#8216;ETMODULES&#8217;;||content: &#8216;%92e075&#8217;;||position: absolute;||right: 8px;&#8221; global_colors_info=&#8221;{}&#8221;]<\/p>\n<p style=\"text-align: right;\">Emilie Forget<\/p>\n<p>[\/et_pb_text][\/et_pb_column][\/et_pb_row][\/et_pb_section][et_pb_section fb_built=&#8221;1&#8243; admin_label=&#8221;related links&#8221; _builder_version=&#8221;4.27.4&#8243; _module_preset=&#8221;default&#8221; custom_margin=&#8221;0px||0px||false|false&#8221; custom_padding=&#8221;0px||0px||false|false&#8221; locked=&#8221;off&#8221; collapsed=&#8221;on&#8221; global_colors_info=&#8221;{}&#8221;][et_pb_row _builder_version=&#8221;4.27.4&#8243; _module_preset=&#8221;default&#8221; custom_padding=&#8221;16px||0px||false|false&#8221; custom_css_free_form=&#8221;selector .et_pb_column .et_pb_button_module_wrapper{display:inline-block; margin-right:1rem;}&#8221; global_colors_info=&#8221;{}&#8221;][et_pb_column type=&#8221;4_4&#8243; _builder_version=&#8221;4.27.4&#8243; _module_preset=&#8221;default&#8221; global_colors_info=&#8221;{}&#8221;][et_pb_button button_url=&#8221;\/fr\/notre-equipe&#8221; button_text=&#8221;Notre \u00e9quipe&#8221; button_alignment=&#8221;left&#8221; _builder_version=&#8221;4.27.4&#8243; _module_preset=&#8221;default&#8221; custom_button=&#8221;on&#8221; button_text_size=&#8221;16px&#8221; button_use_icon=&#8221;off&#8221; custom_margin_tablet=&#8221;&#8221; custom_margin_phone=&#8221;||12px||false|false&#8221; custom_margin_last_edited=&#8221;on|phone&#8221; custom_padding_tablet=&#8221;&#8221; custom_padding_phone=&#8221;|8px||8px|false|false&#8221; custom_padding_last_edited=&#8221;on|phone&#8221; button_text_size_tablet=&#8221;14px&#8221; button_text_size_phone=&#8221;12px&#8221; button_text_size_last_edited=&#8221;on|phone&#8221; global_colors_info=&#8221;{}&#8221;][\/et_pb_button][et_pb_button button_url=&#8221;\/fr\/introduction-aux-organismes-de-conservation\/&#8221; button_text=&#8221;En savoir plus sur les organismes de conservation&#8221; button_alignment=&#8221;left&#8221; _builder_version=&#8221;4.27.4&#8243; _module_preset=&#8221;default&#8221; custom_button=&#8221;on&#8221; button_text_size=&#8221;16px&#8221; button_use_icon=&#8221;off&#8221; custom_margin_tablet=&#8221;&#8221; custom_margin_phone=&#8221;||12px||false|false&#8221; custom_margin_last_edited=&#8221;on|phone&#8221; custom_padding_tablet=&#8221;&#8221; custom_padding_phone=&#8221;|8px||8px|false|false&#8221; custom_padding_last_edited=&#8221;on|phone&#8221; button_text_size_tablet=&#8221;14px&#8221; button_text_size_phone=&#8221;12px&#8221; button_text_size_last_edited=&#8221;on|phone&#8221; global_colors_info=&#8221;{}&#8221;][\/et_pb_button][et_pb_button button_url=&#8221;\/fr\/plaidoyer&#8221; button_text=&#8221;Plaidoyer&#8221; button_alignment=&#8221;left&#8221; _builder_version=&#8221;4.27.4&#8243; _module_preset=&#8221;default&#8221; custom_button=&#8221;on&#8221; button_text_size=&#8221;16px&#8221; button_use_icon=&#8221;off&#8221; custom_padding_tablet=&#8221;&#8221; custom_padding_phone=&#8221;|8px||8px|false|false&#8221; custom_padding_last_edited=&#8221;on|phone&#8221; button_text_size_tablet=&#8221;14px&#8221; button_text_size_phone=&#8221;12px&#8221; button_text_size_last_edited=&#8221;on|phone&#8221; global_colors_info=&#8221;{}&#8221;][\/et_pb_button][et_pb_button button_url=&#8221;\/fr\/renforcement-des-capacites&#8221; button_text=&#8221;Renforcement de capacit\u00e9s&#8221; button_alignment=&#8221;left&#8221; _builder_version=&#8221;4.27.4&#8243; _module_preset=&#8221;default&#8221; custom_button=&#8221;on&#8221; button_text_size=&#8221;16px&#8221; button_use_icon=&#8221;off&#8221; custom_padding_tablet=&#8221;&#8221; custom_padding_phone=&#8221;|8px||8px|false|false&#8221; custom_padding_last_edited=&#8221;on|phone&#8221; button_text_size_tablet=&#8221;14px&#8221; button_text_size_phone=&#8221;12px&#8221; button_text_size_last_edited=&#8221;on|phone&#8221; global_colors_info=&#8221;{}&#8221;][\/et_pb_button][\/et_pb_column][\/et_pb_row][\/et_pb_section][et_pb_section fb_built=&#8221;1&#8243; admin_label=&#8221;our growth and impact&#8221; _builder_version=&#8221;4.27.4&#8243; _module_preset=&#8221;default&#8221; custom_padding=&#8221;0px||||false|false&#8221; locked=&#8221;off&#8221; collapsed=&#8221;on&#8221; global_colors_info=&#8221;{}&#8221;][et_pb_row _builder_version=&#8221;4.27.4&#8243; _module_preset=&#8221;default&#8221; global_colors_info=&#8221;{}&#8221;][et_pb_column type=&#8221;4_4&#8243; _builder_version=&#8221;4.27.4&#8243; _module_preset=&#8221;default&#8221; global_colors_info=&#8221;{}&#8221;][et_pb_text _builder_version=&#8221;4.27.4&#8243; _module_preset=&#8221;default&#8221; header_2_font=&#8221;|700|||||||&#8221; header_2_text_align=&#8221;left&#8221; header_2_text_color=&#8221;#1074bb&#8221; header_2_font_size=&#8221;32px&#8221; header_2_font_size_tablet=&#8221;28px&#8221; header_2_font_size_phone=&#8221;22px&#8221; header_2_font_size_last_edited=&#8221;on|desktop&#8221; global_colors_info=&#8221;{}&#8221;]<\/p>\n<h2><span class=\"OYPEnA font-feature-liga-off font-feature-clig-off font-feature-calt-off text-decoration-none text-strikethrough-none\">Notre croissance et notre impact<\/span><\/h2>\n<p>[\/et_pb_text][et_pb_text _builder_version=&#8221;4.27.4&#8243; _module_preset=&#8221;default&#8221; global_colors_info=&#8221;{}&#8221;]<\/p>\n<p><span class=\"OYPEnA font-feature-liga-off font-feature-clig-off font-feature-calt-off text-decoration-none text-strikethrough-none\">Depuis sa cr\u00e9ation, l\u2019Alliance canadienne des organismes de conservation (ACOC) est devenue le porte-parole des organismes de conservation locaux et r\u00e9gionaux et constitue une voix nationale en faveur de la conservation des terres. Notre travail repose sur la collaboration, le renforcement des capacit\u00e9s et la promotion de politiques qui soutiennent la protection des milieux naturels.<\/span><\/p>\n<p>[\/et_pb_text][dsm_perspective_image src=&#8221;https:\/\/aclt-acoc.ca\/wp-content\/uploads\/2025\/03\/About-ACLT-2_fr.png&#8221; title_text=&#8221;About-ACLT-2_fr&#8221; align=&#8221;center&#8221; _builder_version=&#8221;4.27.4&#8243; _module_preset=&#8221;default&#8221; max_width=&#8221;40vw&#8221; max_width_tablet=&#8221;60vw&#8221; max_width_phone=&#8221;90vw&#8221; max_width_last_edited=&#8221;on|phone&#8221; global_colors_info=&#8221;{}&#8221;][\/dsm_perspective_image][\/et_pb_column][\/et_pb_row][et_pb_row column_structure=&#8221;1_2,1_2&#8243; _builder_version=&#8221;4.27.4&#8243; _module_preset=&#8221;default&#8221; global_colors_info=&#8221;{}&#8221;][et_pb_column type=&#8221;1_2&#8243; _builder_version=&#8221;4.27.4&#8243; _module_preset=&#8221;default&#8221; global_colors_info=&#8221;{}&#8221;][et_pb_text _builder_version=&#8221;4.27.4&#8243; _module_preset=&#8221;default&#8221; text_font=&#8221;|700|||||||&#8221; text_text_color=&#8221;#FFFFFF&#8221; text_font_size=&#8221;24px&#8221; background_color=&#8221;#1074bb&#8221; z_index=&#8221;1&#8243; text_orientation=&#8221;center&#8221; max_width=&#8221;200px&#8221; max_width_tablet=&#8221;200px&#8221; max_width_phone=&#8221;200px&#8221; max_width_last_edited=&#8221;on|desktop&#8221; module_alignment=&#8221;center&#8221; custom_margin=&#8221;||0px||false|false&#8221; custom_padding=&#8221;12px||12px||false|false&#8221; custom_padding_tablet=&#8221;12px||12px||false|false&#8221; custom_padding_phone=&#8221;8px||8px||false|false&#8221; custom_padding_last_edited=&#8221;on|phone&#8221; text_font_size_tablet=&#8221;24px&#8221; text_font_size_phone=&#8221;20px&#8221; text_font_size_last_edited=&#8221;on|phone&#8221; global_colors_info=&#8221;{}&#8221;]<\/p>\n<p style=\"text-align: center;\"><span class=\"OYPEnA font-feature-liga-off font-feature-clig-off font-feature-calt-off text-decoration-none text-strikethrough-none\">Notre mission<\/span><\/p>\n<p>[\/et_pb_text][et_pb_text _builder_version=&#8221;4.27.4&#8243; _module_preset=&#8221;default&#8221; max_width=&#8221;380px&#8221; max_width_tablet=&#8221;360px&#8221; max_width_phone=&#8221;360px&#8221; max_width_last_edited=&#8221;on|phone&#8221; module_alignment=&#8221;center&#8221; custom_margin=&#8221;-24px||0px||false|false&#8221; custom_padding=&#8221;36px|12px|16px|12px|false|true&#8221; border_radii=&#8221;on|20px|20px|20px|20px&#8221; border_width_all=&#8221;2px&#8221; border_color_all=&#8221;#1074bb&#8221; global_colors_info=&#8221;{}&#8221;]<\/p>\n<p><span class=\"OYPEnA white-space-prewrap font-feature-liga-off font-feature-clig-off font-feature-calt-off text-decoration-none text-strikethrough-none\"><\/span><strong><span class=\"OYPEnA font-feature-liga-off font-feature-clig-off font-feature-calt-off text-decoration-none text-strikethrough-none\">Soutenir et d\u2019habiliter les organismes de conservation \u00e0 travers le Canada<\/span><\/strong><span class=\"OYPEnA font-feature-liga-off font-feature-clig-off font-feature-calt-off text-decoration-none text-strikethrough-none\"> afin qu\u2019elles soient dynamiques, unifi\u00e9es et efficaces dans l\u2019avancement de la conservation des terres.<\/span><\/p>\n<p>[\/et_pb_text][\/et_pb_column][et_pb_column type=&#8221;1_2&#8243; _builder_version=&#8221;4.27.4&#8243; _module_preset=&#8221;default&#8221; global_colors_info=&#8221;{}&#8221;][et_pb_text _builder_version=&#8221;4.27.4&#8243; _module_preset=&#8221;default&#8221; text_font=&#8221;|700|||||||&#8221; text_text_color=&#8221;#FFFFFF&#8221; text_font_size=&#8221;24px&#8221; background_color=&#8221;#1074bb&#8221; z_index=&#8221;1&#8243; text_orientation=&#8221;center&#8221; max_width=&#8221;200px&#8221; max_width_tablet=&#8221;200px&#8221; max_width_phone=&#8221;200px&#8221; max_width_last_edited=&#8221;on|desktop&#8221; module_alignment=&#8221;center&#8221; custom_margin=&#8221;||0px||false|false&#8221; custom_padding=&#8221;12px||12px||false|false&#8221; custom_padding_tablet=&#8221;12px||12px||false|false&#8221; custom_padding_phone=&#8221;8px||8px||false|false&#8221; custom_padding_last_edited=&#8221;on|phone&#8221; text_font_size_tablet=&#8221;24px&#8221; text_font_size_phone=&#8221;20px&#8221; text_font_size_last_edited=&#8221;on|phone&#8221; global_colors_info=&#8221;{}&#8221;]<\/p>\n<p style=\"text-align: center;\"><span class=\"OYPEnA font-feature-liga-off font-feature-clig-off font-feature-calt-off text-decoration-none text-strikethrough-none\">Notre vision<\/span><\/p>\n<p>[\/et_pb_text][et_pb_text _builder_version=&#8221;4.27.6&#8243; _module_preset=&#8221;default&#8221; max_width=&#8221;380px&#8221; max_width_tablet=&#8221;360px&#8221; max_width_phone=&#8221;360px&#8221; max_width_last_edited=&#8221;on|phone&#8221; module_alignment=&#8221;center&#8221; custom_margin=&#8221;-24px||0px||false|false&#8221; custom_padding=&#8221;36px|12px|16px|12px|false|true&#8221; hover_enabled=&#8221;0&#8243; border_radii=&#8221;on|20px|20px|20px|20px&#8221; border_width_all=&#8221;2px&#8221; border_color_all=&#8221;#1074bb&#8221; global_colors_info=&#8221;{}&#8221; sticky_enabled=&#8221;0&#8243;]<\/p>\n<p><span>Des paysages naturels prosp\u00e8res partout au Canada, pour l\u2019ensemble de la population.<\/span><\/p>\n<p>[\/et_pb_text][\/et_pb_column][\/et_pb_row][et_pb_row _builder_version=&#8221;4.27.6&#8243; _module_preset=&#8221;default&#8221;][et_pb_column _builder_version=&#8221;4.27.6&#8243; _module_preset=&#8221;default&#8221; type=&#8221;4_4&#8243;][et_pb_text _builder_version=&#8221;4.27.6&#8243; _module_preset=&#8221;default&#8221; text_text_color=&#8221;#1074BB&#8221; hover_enabled=&#8221;0&#8243; sticky_enabled=&#8221;0&#8243; link_option_url_new_window=&#8221;on&#8221; link_option_url=&#8221;https:\/\/aclt-acoc.ca\/wp-content\/uploads\/2026\/03\/2026-2029-ACOC-Plan-strategique.pdf&#8221; header_2_text_align=&#8221;center&#8221; header_2_text_color=&#8221;#1074BB&#8221;]<\/p>\n<div style=\"display:flex; justify-content:center;align-items:center;gap:3px\"><img decoding=\"async\" src=\"https:\/\/aclt-acoc.ca\/wp-content\/uploads\/2025\/04\/PDF_icon.png\" alt=\"\" width=\"18\" style=\"margin-bottom:8px\"><\/p>\n<h2 style=\"text-align: center;\">Notre plan strat\u00e9gique<\/h2>\n<\/div>\n<p>[\/et_pb_text][\/et_pb_column][\/et_pb_row][\/et_pb_section][et_pb_section fb_built=&#8221;1&#8243; admin_label=&#8221;theory of change&#8221; _builder_version=&#8221;4.27.4&#8243; _module_preset=&#8221;default&#8221; background_color=&#8221;#3A731F&#8221; locked=&#8221;off&#8221; collapsed=&#8221;on&#8221; global_colors_info=&#8221;{}&#8221;][et_pb_row _builder_version=&#8221;4.27.4&#8243; _module_preset=&#8221;default&#8221; custom_margin=&#8221;0px||0px||false|false&#8221; custom_padding=&#8221;0px||0px||false|false&#8221; global_colors_info=&#8221;{}&#8221;][et_pb_column type=&#8221;4_4&#8243; _builder_version=&#8221;4.27.4&#8243; _module_preset=&#8221;default&#8221; global_colors_info=&#8221;{}&#8221;][et_pb_text _builder_version=&#8221;4.27.4&#8243; _module_preset=&#8221;default&#8221; text_text_color=&#8221;#FFFFFF&#8221; header_text_color=&#8221;#FFFFFF&#8221; header_2_font=&#8221;|700|||||||&#8221; header_2_text_align=&#8221;left&#8221; header_2_text_color=&#8221;#FFFFFF&#8221; header_2_font_size=&#8221;32px&#8221; header_2_font_size_tablet=&#8221;28px&#8221; header_2_font_size_phone=&#8221;22px&#8221; header_2_font_size_last_edited=&#8221;on|desktop&#8221; global_colors_info=&#8221;{}&#8221;]<\/p>\n<h2><span class=\"OYPEnA font-feature-liga-off font-feature-clig-off font-feature-calt-off text-decoration-none text-strikethrough-none\">Notre th\u00e9orie du changement<\/span><\/h2>\n<p>[\/et_pb_text][\/et_pb_column][\/et_pb_row][et_pb_row _builder_version=&#8221;4.27.4&#8243; _module_preset=&#8221;default&#8221; custom_margin=&#8221;||0px||false|false&#8221; custom_padding=&#8221;||0px||false|false&#8221; global_colors_info=&#8221;{}&#8221;][et_pb_column type=&#8221;4_4&#8243; _builder_version=&#8221;4.27.4&#8243; _module_preset=&#8221;default&#8221; global_colors_info=&#8221;{}&#8221;][et_pb_text _builder_version=&#8221;4.27.4&#8243; _module_preset=&#8221;default&#8221; text_text_color=&#8221;#FFFFFF&#8221; header_2_font=&#8221;|700|||||||&#8221; header_2_text_align=&#8221;left&#8221; header_2_text_color=&#8221;#1074bb&#8221; header_2_font_size=&#8221;32px&#8221; header_2_font_size_tablet=&#8221;28px&#8221; header_2_font_size_phone=&#8221;22px&#8221; header_2_font_size_last_edited=&#8221;on|desktop&#8221; global_colors_info=&#8221;{}&#8221;]<\/p>\n<p><span class=\"OYPEnA font-feature-liga-off font-feature-clig-off font-feature-calt-off text-decoration-none text-strikethrough-none\">Si l\u2019ACOC aide les organismes de conservation canadiens \u00e0 se renforcer en trouvant une voix commune et en d\u00e9veloppant leurs capacit\u00e9s, alors le secteur gagnera en force en tant que communaut\u00e9 et fera avancer la conservation au Canada; parce que nous serons unis, visibles et dynamiques.<\/span><\/p>\n<p>[\/et_pb_text][\/et_pb_column][\/et_pb_row][\/et_pb_section][et_pb_section fb_built=&#8221;1&#8243; admin_label=&#8221;our values&#8221; _builder_version=&#8221;4.27.4&#8243; _module_preset=&#8221;default&#8221; custom_margin=&#8221;||||false|false&#8221; custom_padding=&#8221;12px||0px||false|false&#8221; locked=&#8221;off&#8221; collapsed=&#8221;on&#8221; global_colors_info=&#8221;{}&#8221;][et_pb_row _builder_version=&#8221;4.27.4&#8243; _module_preset=&#8221;default&#8221; global_colors_info=&#8221;{}&#8221;][et_pb_column type=&#8221;4_4&#8243; _builder_version=&#8221;4.27.4&#8243; _module_preset=&#8221;default&#8221; global_colors_info=&#8221;{}&#8221;][et_pb_text _builder_version=&#8221;4.27.4&#8243; _module_preset=&#8221;default&#8221; header_2_font=&#8221;|700|||||||&#8221; header_2_text_align=&#8221;left&#8221; header_2_text_color=&#8221;#1074bb&#8221; header_2_font_size=&#8221;32px&#8221; header_2_font_size_tablet=&#8221;28px&#8221; header_2_font_size_phone=&#8221;22px&#8221; header_2_font_size_last_edited=&#8221;on|desktop&#8221; global_colors_info=&#8221;{}&#8221;]<\/p>\n<h2><span class=\"OYPEnA font-feature-liga-off font-feature-clig-off font-feature-calt-off text-decoration-none text-strikethrough-none\">Nos valeurs<\/span><\/h2>\n<p>[\/et_pb_text][\/et_pb_column][\/et_pb_row][et_pb_row column_structure=&#8221;1_3,1_3,1_3&#8243; make_equal=&#8221;on&#8221; custom_padding_last_edited=&#8221;on|phone&#8221; _builder_version=&#8221;4.27.4&#8243; _module_preset=&#8221;default&#8221; custom_padding=&#8221;||||false|false&#8221; custom_padding_tablet=&#8221;|20%||20%|false|false&#8221; custom_padding_phone=&#8221;|0%||0%|false|false&#8221; global_colors_info=&#8221;{}&#8221;][et_pb_column type=&#8221;1_3&#8243; _builder_version=&#8221;4.27.4&#8243; _module_preset=&#8221;default&#8221; global_colors_info=&#8221;{}&#8221;][et_pb_blurb title=&#8221;Collaboration &#038; Unit\u00e9&#8221; image=&#8221;https:\/\/aclt-acoc.ca\/wp-content\/uploads\/2025\/03\/who_el1-2.png&#8221; image_icon_width=&#8221;120px&#8221; _builder_version=&#8221;4.27.4&#8243; _module_preset=&#8221;default&#8221; header_font=&#8221;|700|||||||&#8221; header_text_align=&#8221;center&#8221; header_font_size=&#8221;18px&#8221; body_font_size=&#8221;16px&#8221; height=&#8221;100%&#8221; custom_padding=&#8221;16px|16px|16px|16px|true|true&#8221; border_radii=&#8221;on|12px|12px|12px|12px&#8221; border_color_all=&#8221;#1074BB&#8221; global_colors_info=&#8221;{}&#8221;]<\/p>\n<p class=\"cvGsUA direction-ltr align-start para-style-body\"><span class=\"OYPEnA font-feature-liga-off font-feature-clig-off font-feature-calt-off text-decoration-none text-strikethrough-none\">Nous rassemblons des voix diverses \u00e0 travers le Canada afin d\u2019amplifier l\u2019impact des organismes de conservation locaux et r\u00e9gionaux et de renforcer les efforts collectifs de conservation.<\/span><\/p>\n<p>[\/et_pb_blurb][\/et_pb_column][et_pb_column type=&#8221;1_3&#8243; _builder_version=&#8221;4.27.4&#8243; _module_preset=&#8221;default&#8221; global_colors_info=&#8221;{}&#8221;][et_pb_blurb title=&#8221;Equit\u00e9&#8221; image=&#8221;https:\/\/aclt-acoc.ca\/wp-content\/uploads\/2025\/03\/who_el2.png&#8221; image_icon_width=&#8221;120px&#8221; _builder_version=&#8221;4.27.4&#8243; _module_preset=&#8221;default&#8221; header_font=&#8221;|700|||||||&#8221; header_text_align=&#8221;center&#8221; header_font_size=&#8221;18px&#8221; body_font_size=&#8221;16px&#8221; height=&#8221;100%&#8221; custom_padding=&#8221;16px|16px|16px|16px|true|true&#8221; border_radii=&#8221;on|12px|12px|12px|12px&#8221; border_color_all=&#8221;#1074BB&#8221; global_colors_info=&#8221;{}&#8221;]<\/p>\n<p class=\"cvGsUA direction-ltr align-start para-style-body\"><span class=\"OYPEnA font-feature-liga-off font-feature-clig-off font-feature-calt-off text-decoration-none text-strikethrough-none\">Nous favorisons l&#8217;\u00e9quit\u00e9 et l&#8217;inclusivit\u00e9 dans les efforts de conservation, en veillant \u00e0 ce que toutes les voix soient entendues et valoris\u00e9es.<\/span><\/p>\n<p>[\/et_pb_blurb][\/et_pb_column][et_pb_column type=&#8221;1_3&#8243; _builder_version=&#8221;4.27.4&#8243; _module_preset=&#8221;default&#8221; global_colors_info=&#8221;{}&#8221;][et_pb_blurb title=&#8221;Int\u00e9grit\u00e9 et transparence&#8221; image=&#8221;https:\/\/aclt-acoc.ca\/wp-content\/uploads\/2025\/03\/who_el3.png&#8221; image_icon_width=&#8221;120px&#8221; _builder_version=&#8221;4.27.4&#8243; _module_preset=&#8221;default&#8221; header_font=&#8221;|700|||||||&#8221; header_text_align=&#8221;center&#8221; header_font_size=&#8221;18px&#8221; body_font_size=&#8221;16px&#8221; height=&#8221;100%&#8221; custom_padding=&#8221;16px|16px|16px|16px|true|true&#8221; border_radii=&#8221;on|12px|12px|12px|12px&#8221; border_color_all=&#8221;#1074BB&#8221; global_colors_info=&#8221;{}&#8221;]<\/p>\n<p class=\"cvGsUA direction-ltr align-start para-style-body\"><span class=\"OYPEnA white-space-prewrap font-feature-liga-off font-feature-clig-off font-feature-calt-off text-decoration-none text-strikethrough-none\"><\/span><span class=\"OYPEnA font-feature-liga-off font-feature-clig-off font-feature-calt-off text-decoration-none text-strikethrough-none\">Nous faisons preuve d\u2019honn\u00eatet\u00e9, de transparence et d\u2019\u00e9thique, garantissant ainsi la responsabilit\u00e9 dans toutes nos actions et d\u00e9cisions.<\/span><\/p>\n<p>[\/et_pb_blurb][\/et_pb_column][\/et_pb_row][et_pb_row column_structure=&#8221;1_3,1_3,1_3&#8243; make_equal=&#8221;on&#8221; custom_padding_last_edited=&#8221;on|phone&#8221; _builder_version=&#8221;4.27.4&#8243; _module_preset=&#8221;default&#8221; custom_padding=&#8221;||||false|false&#8221; custom_padding_tablet=&#8221;|20%||20%|false|false&#8221; custom_padding_phone=&#8221;|0%||0%|false|false&#8221; global_colors_info=&#8221;{}&#8221;][et_pb_column type=&#8221;1_3&#8243; _builder_version=&#8221;4.27.4&#8243; _module_preset=&#8221;default&#8221; global_colors_info=&#8221;{}&#8221;][et_pb_blurb title=&#8221;R\u00e9conciliation&#8221; image=&#8221;https:\/\/aclt-acoc.ca\/wp-content\/uploads\/2025\/03\/who_el4.png&#8221; image_icon_width=&#8221;120px&#8221; _builder_version=&#8221;4.27.4&#8243; _module_preset=&#8221;default&#8221; header_font=&#8221;|700|||||||&#8221; header_text_align=&#8221;center&#8221; header_font_size=&#8221;18px&#8221; body_text_align=&#8221;center&#8221; body_font_size=&#8221;16px&#8221; height=&#8221;100%&#8221; custom_padding=&#8221;16px|16px|16px|16px|true|true&#8221; border_radii=&#8221;on|12px|12px|12px|12px&#8221; border_color_all=&#8221;#1074BB&#8221; global_colors_info=&#8221;{}&#8221;]<\/p>\n<p class=\"cvGsUA direction-ltr align-start para-style-body\" style=\"text-align: left;\">Nous nous engageons \u00e0 favoriser des relations significatives avec les communaut\u00e9s autochtones et \u00e0 soutenir la conservation dirig\u00e9e par les Autochtones.<\/p>\n<p>[\/et_pb_blurb][\/et_pb_column][et_pb_column type=&#8221;1_3&#8243; _builder_version=&#8221;4.27.4&#8243; _module_preset=&#8221;default&#8221; global_colors_info=&#8221;{}&#8221;][et_pb_blurb title=&#8221;Leadership&#8221; image=&#8221;https:\/\/aclt-acoc.ca\/wp-content\/uploads\/2025\/03\/who_el5.png&#8221; image_icon_width=&#8221;120px&#8221; _builder_version=&#8221;4.27.4&#8243; _module_preset=&#8221;default&#8221; header_font=&#8221;|700|||||||&#8221; header_text_align=&#8221;center&#8221; header_font_size=&#8221;18px&#8221; body_font_size=&#8221;16px&#8221; height=&#8221;100%&#8221; custom_padding=&#8221;16px|16px|16px|16px|true|true&#8221; border_radii=&#8221;on|12px|12px|12px|12px&#8221; border_color_all=&#8221;#1074BB&#8221; global_colors_info=&#8221;{}&#8221;]<\/p>\n<p class=\"cvGsUA direction-ltr align-start para-style-body\"><span class=\"OYPEnA font-feature-liga-off font-feature-clig-off font-feature-calt-off text-decoration-none text-strikethrough-none\">Nous aspirons \u00e0 \u00eatre un leader (chef de file) national en conservation, en inspirant et en donnant les moyens \u00e0 d&#8217;autres d&#8217;agir.<\/span><\/p>\n<p>[\/et_pb_blurb][\/et_pb_column][et_pb_column type=&#8221;1_3&#8243; _builder_version=&#8221;4.27.4&#8243; _module_preset=&#8221;default&#8221; global_colors_info=&#8221;{}&#8221;][et_pb_blurb title=&#8221;Inclusivit\u00e9 &#038; accessibilit\u00e9&#8221; image=&#8221;https:\/\/aclt-acoc.ca\/wp-content\/uploads\/2025\/03\/who_el6.png&#8221; image_icon_width=&#8221;120px&#8221; _builder_version=&#8221;4.27.4&#8243; _module_preset=&#8221;default&#8221; header_font=&#8221;|700|||||||&#8221; header_text_align=&#8221;center&#8221; header_font_size=&#8221;18px&#8221; body_font_size=&#8221;16px&#8221; height=&#8221;100%&#8221; custom_padding=&#8221;16px|16px|16px|16px|true|true&#8221; border_radii=&#8221;on|12px|12px|12px|12px&#8221; border_color_all=&#8221;#1074BB&#8221; global_colors_info=&#8221;{}&#8221;]<\/p>\n<p class=\"cvGsUA direction-ltr align-start para-style-body\"><span class=\"OYPEnA white-space-prewrap font-feature-liga-off font-feature-clig-off font-feature-calt-off text-decoration-none text-strikethrough-none\"><\/span><span class=\"OYPEnA font-feature-liga-off font-feature-clig-off font-feature-calt-off text-decoration-none text-strikethrough-none\">Nous veillons \u00e0 ce que tous les organismes de conservation, quelle que soit leur taille ou leur emplacement, aient acc\u00e8s \u00e0 nos programmes et jouent un r\u00f4le dans les efforts de conservation.<\/span><\/p>\n<p>[\/et_pb_blurb][\/et_pb_column][\/et_pb_row][\/et_pb_section][et_pb_section fb_built=&#8221;1&#8243; admin_label=&#8221;our priorities-title&#8221; _builder_version=&#8221;4.27.4&#8243; _module_preset=&#8221;default&#8221; custom_padding=&#8221;||0px||false|false&#8221; locked=&#8221;off&#8221; collapsed=&#8221;on&#8221; global_colors_info=&#8221;{}&#8221;][et_pb_row _builder_version=&#8221;4.27.4&#8243; _module_preset=&#8221;default&#8221; custom_padding=&#8221;||12px||false|false&#8221; global_colors_info=&#8221;{}&#8221;][et_pb_column type=&#8221;4_4&#8243; _builder_version=&#8221;4.27.4&#8243; _module_preset=&#8221;default&#8221; global_colors_info=&#8221;{}&#8221;][et_pb_text _builder_version=&#8221;4.27.4&#8243; _module_preset=&#8221;default&#8221; header_2_font=&#8221;|700|||||||&#8221; header_2_text_align=&#8221;left&#8221; header_2_text_color=&#8221;#1074bb&#8221; header_2_font_size=&#8221;32px&#8221; header_2_font_size_tablet=&#8221;28px&#8221; header_2_font_size_phone=&#8221;22px&#8221; header_2_font_size_last_edited=&#8221;on|desktop&#8221; global_colors_info=&#8221;{}&#8221;]<\/p>\n<h2><span class=\"OYPEnA font-feature-liga-off font-feature-clig-off font-feature-calt-off text-decoration-none text-strikethrough-none\">Nos priorit\u00e9s<\/span><\/h2>\n<p>[\/et_pb_text][\/et_pb_column][\/et_pb_row][\/et_pb_section][et_pb_section fb_built=&#8221;1&#8243; custom_padding_last_edited=&#8221;on|phone&#8221; admin_label=&#8221;our priorities-items&#8221; _builder_version=&#8221;4.27.4&#8243; _module_preset=&#8221;default&#8221; background_image=&#8221;https:\/\/aclt-acoc.ca\/wp-content\/uploads\/2025\/03\/who4.jpg&#8221; background_size=&#8221;custom&#8221; background_image_width=&#8221;50%&#8221; background_position=&#8221;center_left&#8221; width_tablet=&#8221;&#8221; width_phone=&#8221;&#8221; width_last_edited=&#8221;on|phone&#8221; custom_margin=&#8221;||||false|false&#8221; custom_padding_tablet=&#8221;&#8221; custom_padding_phone=&#8221;0px||0px||false|false&#8221; background_last_edited=&#8221;on|phone&#8221; background_image_width_tablet=&#8221;auto&#8221; background_image_height_tablet=&#8221;60%&#8221; locked=&#8221;off&#8221; collapsed=&#8221;on&#8221; global_colors_info=&#8221;{}&#8221;][et_pb_row _builder_version=&#8221;4.27.4&#8243; _module_preset=&#8221;default&#8221; global_colors_info=&#8221;{}&#8221;][et_pb_column type=&#8221;4_4&#8243; _builder_version=&#8221;4.27.4&#8243; _module_preset=&#8221;default&#8221; global_colors_info=&#8221;{}&#8221;][dsm_icon_list icon_color=&#8221;#FFFFFF&#8221; icon_gap_width=&#8221;1.5em&#8221; icon_padding=&#8221;6px&#8221; icon_font_size=&#8221;16px&#8221; list_layout=&#8221;horizontal&#8221; list_vertical_alignment=&#8221;flex-start&#8221; list_padding=&#8221;||||false|false&#8221; text_indent=&#8221;8px&#8221; _builder_version=&#8221;4.27.4&#8243; _module_preset=&#8221;default&#8221; text_text_color=&#8221;#FFFFFF&#8221; background_color=&#8221;#1074BB&#8221; width=&#8221;90%&#8221; width_tablet=&#8221;100%&#8221; width_phone=&#8221;115%&#8221; width_last_edited=&#8221;on|phone&#8221; custom_margin=&#8221;|||40%|false|false&#8221; custom_margin_tablet=&#8221;|||15%|false|false&#8221; custom_margin_phone=&#8221;|||0%|false|false&#8221; custom_margin_last_edited=&#8221;on|tablet&#8221; custom_padding=&#8221;24px|24px|24px|24px|false|false&#8221; text_font_size_tablet=&#8221;&#8221; text_font_size_phone=&#8221;13px&#8221; text_font_size_last_edited=&#8221;on|phone&#8221; custom_css_free_form=&#8221;selector .dsm_icon_list_items .dsm_icon_list_child{display:block; width:100%;}&#8221; border_radii=&#8221;off|12px|||12px&#8221; locked=&#8221;off&#8221; global_colors_info=&#8221;{}&#8221;][dsm_icon_list_child text=&#8221;Repr\u00e9senter les organismes de conservation locaux et r\u00e9gionaux au niveau national&#8221; font_icon=&#8221;&#x5c;||divi||400&#8243; _builder_version=&#8221;4.27.4&#8243; _module_preset=&#8221;default&#8221; global_colors_info=&#8221;{}&#8221;][\/dsm_icon_list_child][dsm_icon_list_child text=&#8221;Accro\u00eetre la sensibilisation aux organismes de conservation \u00e0 l\u2019\u00e9chelle nationale&#8221; font_icon=&#8221;&#x5c;||divi||400&#8243; _builder_version=&#8221;4.27.4&#8243; _module_preset=&#8221;default&#8221; global_colors_info=&#8221;{}&#8221;][\/dsm_icon_list_child][dsm_icon_list_child text=&#8221;Promouvoir les meilleures pratiques en conservation des terres&#8221; font_icon=&#8221;&#x5c;||divi||400&#8243; _builder_version=&#8221;4.27.4&#8243; _module_preset=&#8221;default&#8221; global_colors_info=&#8221;{}&#8221;][\/dsm_icon_list_child][dsm_icon_list_child text=&#8221;D\u00e9fendre les int\u00e9r\u00eats des organismes de conservation&#8221; font_icon=&#8221;&#x5c;||divi||400&#8243; _builder_version=&#8221;4.27.4&#8243; _module_preset=&#8221;default&#8221; global_colors_info=&#8221;{}&#8221;][\/dsm_icon_list_child][dsm_icon_list_child text=&#8221;Soutenir le renforcement des capacit\u00e9s des organismes de conservation&#8221; font_icon=&#8221;&#x5c;||divi||400&#8243; _builder_version=&#8221;4.27.4&#8243; _module_preset=&#8221;default&#8221; global_colors_info=&#8221;{}&#8221;][\/dsm_icon_list_child][dsm_icon_list_child text=&#8221;Suivre et rendre compte des impacts de la conservation&#8221; font_icon=&#8221;&#x5c;||divi||400&#8243; _builder_version=&#8221;4.27.4&#8243; _module_preset=&#8221;default&#8221; global_colors_info=&#8221;{}&#8221;][\/dsm_icon_list_child][dsm_icon_list_child text=&#8221;Renforcer la recherche collaborative et le partage de donn\u00e9es&#8221; font_icon=&#8221;&#x5c;||divi||400&#8243; _builder_version=&#8221;4.27.4&#8243; _module_preset=&#8221;default&#8221; global_colors_info=&#8221;{}&#8221;][\/dsm_icon_list_child][dsm_icon_list_child text=&#8221;Favoriser les partenariats et le leadership \u00e0 l\u2019\u00e9chelle nationale&#8221; font_icon=&#8221;&#x5c;||divi||400&#8243; _builder_version=&#8221;4.27.4&#8243; _module_preset=&#8221;default&#8221; global_colors_info=&#8221;{}&#8221;][\/dsm_icon_list_child][\/dsm_icon_list][\/et_pb_column][\/et_pb_row][et_pb_row disabled_on=&#8221;off|off|off&#8221; admin_label=&#8221;credit&#8221; _builder_version=&#8221;4.27.4&#8243; _module_preset=&#8221;default&#8221; background_enable_color=&#8221;off&#8221; use_background_color_gradient=&#8221;on&#8221; background_color_gradient_direction=&#8221;90deg&#8221; background_color_gradient_stops=&#8221;rgba(255,255,255,0) 0%|rgba(255,255,255,0) 50%|#ffffff 71%|#ffffff 100%&#8221; positioning=&#8221;absolute&#8221; position_origin_a=&#8221;bottom_left&#8221; width=&#8221;49%&#8221; custom_padding=&#8221;4px|8px|4px|8px|false|false&#8221; border_radii=&#8221;off||20px||&#8221; border_color_all=&#8221;#EDF000&#8243; locked=&#8221;off&#8221; global_colors_info=&#8221;{%22gcid-primary-color%22:%91%22background_color%22%93}&#8221;][et_pb_column type=&#8221;4_4&#8243; _builder_version=&#8221;4.27.4&#8243; _module_preset=&#8221;default&#8221; global_colors_info=&#8221;{}&#8221;][et_pb_text _builder_version=&#8221;4.27.4&#8243; _module_preset=&#8221;default&#8221; text_text_color=&#8221;rgba(16,116,187,0.7)&#8221; text_font_size=&#8221;11px&#8221; text_line_height=&#8221;1.2em&#8221; background_enable_color=&#8221;off&#8221; position_origin_a=&#8221;bottom_right&#8221; text_orientation=&#8221;right&#8221; width=&#8221;100%&#8221; custom_padding=&#8221;|24px|||false|false&#8221; custom_css_before=&#8221;font-family: &#8216;ETMODULES&#8217;;||content: &#8216;%92e075&#8217;;||position: absolute;||right: 8px;&#8221; global_colors_info=&#8221;{}&#8221;]<\/p>\n<p style=\"text-align: right;\">Joaquin Riesgo<\/p>\n<p>[\/et_pb_text][\/et_pb_column][\/et_pb_row][\/et_pb_section][et_pb_section fb_built=&#8221;1&#8243; admin_label=&#8221;our partners&#8221; _builder_version=&#8221;4.27.4&#8243; _module_preset=&#8221;default&#8221; locked=&#8221;off&#8221; collapsed=&#8221;on&#8221; global_colors_info=&#8221;{}&#8221;][et_pb_row _builder_version=&#8221;4.27.4&#8243; _module_preset=&#8221;default&#8221; custom_margin=&#8221;||0px||false|false&#8221; custom_padding=&#8221;||0px||false|false&#8221; global_colors_info=&#8221;{}&#8221;][et_pb_column type=&#8221;4_4&#8243; _builder_version=&#8221;4.27.4&#8243; _module_preset=&#8221;default&#8221; global_colors_info=&#8221;{}&#8221;][et_pb_text _builder_version=&#8221;4.27.4&#8243; _module_preset=&#8221;default&#8221; header_2_font=&#8221;|700|||||||&#8221; header_2_text_align=&#8221;left&#8221; header_2_text_color=&#8221;#1074bb&#8221; header_2_font_size=&#8221;32px&#8221; header_2_font_size_tablet=&#8221;28px&#8221; header_2_font_size_phone=&#8221;22px&#8221; header_2_font_size_last_edited=&#8221;on|desktop&#8221; global_colors_info=&#8221;{}&#8221;]<\/p>\n<h2><span class=\"OYPEnA font-feature-liga-off font-feature-clig-off font-feature-calt-off text-decoration-none text-strikethrough-none\">Nos partenaires r\u00e9gionaux<\/span><\/h2>\n<p>[\/et_pb_text][\/et_pb_column][\/et_pb_row][et_pb_row column_structure=&#8221;1_3,1_3,1_3&#8243; _builder_version=&#8221;4.16&#8243; global_colors_info=&#8221;{}&#8221;][et_pb_column type=&#8221;1_3&#8243; _builder_version=&#8221;4.16&#8243; global_colors_info=&#8221;{}&#8221;][et_pb_image src=&#8221;https:\/\/aclt-acoc.ca\/wp-content\/uploads\/2025\/03\/download-300&#215;145-1.png&#8221; title_text=&#8221;download&#8221; url=&#8221;https:\/\/ltabc.ca\/&#8221; url_new_window=&#8221;on&#8221; align=&#8221;center&#8221; _builder_version=&#8221;4.27.4&#8243; custom_margin=&#8221;-34px||||false|false&#8221; global_colors_info=&#8221;{}&#8221;][\/et_pb_image][\/et_pb_column][et_pb_column type=&#8221;1_3&#8243; _builder_version=&#8221;4.16&#8243; global_colors_info=&#8221;{}&#8221;][et_pb_image src=&#8221;https:\/\/aclt-acoc.ca\/wp-content\/uploads\/2025\/03\/download-300&#215;123-1.jpg&#8221; title_text=&#8221;download&#8221; url=&#8221;https:\/\/olta.ca\/&#8221; url_new_window=&#8221;on&#8221; align=&#8221;center&#8221; _builder_version=&#8221;4.27.4&#8243; width=&#8221;70%&#8221; custom_margin=&#8221;-14px||||false|false&#8221; global_colors_info=&#8221;{}&#8221;][\/et_pb_image][\/et_pb_column][et_pb_column type=&#8221;1_3&#8243; _builder_version=&#8221;4.16&#8243; global_colors_info=&#8221;{}&#8221;][et_pb_image src=&#8221;https:\/\/aclt-acoc.ca\/wp-content\/uploads\/2025\/03\/RMN_30YearAnn-300&#215;113-1.png&#8221; title_text=&#8221;RMN_30YearAnn&#8221; url=&#8221;https:\/\/rmnat.org\/&#8221; url_new_window=&#8221;on&#8221; align=&#8221;center&#8221; _builder_version=&#8221;4.20.1&#8243; width=&#8221;85%&#8221; custom_margin=&#8221;-22px||||false|false&#8221; global_colors_info=&#8221;{}&#8221;][\/et_pb_image][\/et_pb_column][\/et_pb_row][\/et_pb_section][et_pb_section fb_built=&#8221;1&#8243; admin_label=&#8221;counters&#8221; _builder_version=&#8221;4.27.4&#8243; background_color=&#8221;#3f6db1&#8243; custom_margin=&#8221;12px||||false|false&#8221; custom_padding=&#8221;12px||0px|||&#8221; locked=&#8221;off&#8221; collapsed=&#8221;on&#8221; global_colors_info=&#8221;{}&#8221;][et_pb_row column_structure=&#8221;1_3,1_3,1_3&#8243; _builder_version=&#8221;4.27.4&#8243; custom_margin=&#8221;||||false|false&#8221; global_colors_info=&#8221;{}&#8221;][et_pb_column type=&#8221;1_3&#8243; _builder_version=&#8221;4.16&#8243; global_colors_info=&#8221;{}&#8221;][et_pb_number_counter title=&#8221;Acres prot\u00e9g\u00e9es&#8221; number=&#8221;630,000&#8243; percent_sign=&#8221;off&#8221; _builder_version=&#8221;4.27.4&#8243; title_font=&#8221;|600|||||||&#8221; title_text_align=&#8221;center&#8221; title_text_color=&#8221;#ffffff&#8221; number_font=&#8221;|700|||||||&#8221; number_text_color=&#8221;#ffffff&#8221; number_font_size=&#8221;60px&#8221; background_image=&#8221;https:\/\/aclt-acoc.ca\/wp-content\/uploads\/2025\/03\/cnt2-1.png&#8221; background_size=&#8221;custom&#8221; background_image_height=&#8221;150px&#8221; custom_margin=&#8221;||||false|false&#8221; custom_padding=&#8221;30px||0px||false|false&#8221; global_colors_info=&#8221;{}&#8221;][\/et_pb_number_counter][et_pb_divider color=&#8221;#ffffff&#8221; divider_weight=&#8221;3px&#8221; _builder_version=&#8221;4.16&#8243; width=&#8221;21%&#8221; module_alignment=&#8221;center&#8221; global_colors_info=&#8221;{}&#8221;][\/et_pb_divider][\/et_pb_column][et_pb_column type=&#8221;1_3&#8243; _builder_version=&#8221;4.16&#8243; global_colors_info=&#8221;{}&#8221;][et_pb_number_counter title=&#8221;Organismes de conservation&#8221; number=&#8221;150&#8243; percent_sign=&#8221;off&#8221; _builder_version=&#8221;4.27.4&#8243; title_font=&#8221;|600|||||||&#8221; number_font=&#8221;|700|||||||&#8221; number_text_color=&#8221;#ffffff&#8221; number_font_size=&#8221;60px&#8221; background_image=&#8221;https:\/\/aclt-acoc.ca\/wp-content\/uploads\/2025\/03\/cnt1-1.png&#8221; background_size=&#8221;contain&#8221; background_layout=&#8221;dark&#8221; custom_padding=&#8221;30px||||false|false&#8221; global_colors_info=&#8221;{}&#8221;][\/et_pb_number_counter][et_pb_divider color=&#8221;#ffffff&#8221; divider_weight=&#8221;3px&#8221; _builder_version=&#8221;4.16&#8243; width=&#8221;21%&#8221; module_alignment=&#8221;center&#8221; global_colors_info=&#8221;{}&#8221;][\/et_pb_divider][\/et_pb_column][et_pb_column type=&#8221;1_3&#8243; _builder_version=&#8221;4.16&#8243; global_colors_info=&#8221;{}&#8221;][et_pb_number_counter title=&#8221;B\u00e9n\u00e9voles et employ\u00e9s&#8221; number=&#8221;13,000&#8243; percent_sign=&#8221;off&#8221; _builder_version=&#8221;4.27.4&#8243; title_font=&#8221;|600|||||||&#8221; title_text_color=&#8221;#ffffff&#8221; number_font=&#8221;|700|||||||&#8221; number_text_color=&#8221;#ffffff&#8221; number_font_size=&#8221;60px&#8221; background_image=&#8221;https:\/\/aclt-acoc.ca\/wp-content\/uploads\/2025\/03\/cnt3-1.png&#8221; background_size=&#8221;contain&#8221; custom_padding=&#8221;30px||||false|false&#8221; global_colors_info=&#8221;{}&#8221;][\/et_pb_number_counter][et_pb_divider color=&#8221;#ffffff&#8221; divider_weight=&#8221;3px&#8221; _builder_version=&#8221;4.16&#8243; width=&#8221;21%&#8221; module_alignment=&#8221;center&#8221; global_colors_info=&#8221;{}&#8221;][\/et_pb_divider][\/et_pb_column][\/et_pb_row][\/et_pb_section][et_pb_section fb_built=&#8221;1&#8243; _builder_version=&#8221;4.27.4&#8243; background_enable_color=&#8221;off&#8221; custom_margin=&#8221;||||false|false&#8221; custom_padding=&#8221;||||false|false&#8221; locked=&#8221;off&#8221; collapsed=&#8221;on&#8221; global_colors_info=&#8221;{}&#8221;][et_pb_row _builder_version=&#8221;4.27.4&#8243; _module_preset=&#8221;default&#8221; custom_margin=&#8221;||0px||false|false&#8221; custom_padding=&#8221;0px||0px||false|false&#8221; global_colors_info=&#8221;{}&#8221;][et_pb_column type=&#8221;4_4&#8243; _builder_version=&#8221;4.27.4&#8243; _module_preset=&#8221;default&#8221; global_colors_info=&#8221;{}&#8221;][et_pb_text _builder_version=&#8221;4.27.4&#8243; _module_preset=&#8221;default&#8221; header_2_font=&#8221;|700|||||||&#8221; header_2_text_align=&#8221;left&#8221; header_2_text_color=&#8221;#1074bb&#8221; header_2_font_size=&#8221;32px&#8221; header_2_font_size_tablet=&#8221;28px&#8221; header_2_font_size_phone=&#8221;22px&#8221; header_2_font_size_last_edited=&#8221;on|desktop&#8221; global_colors_info=&#8221;{}&#8221;]<\/p>\n<h2><span class=\"OYPEnA font-feature-liga-off font-feature-clig-off font-feature-calt-off text-decoration-none text-strikethrough-none\">Nos publications<\/span><\/h2>\n<p>[\/et_pb_text][\/et_pb_column][\/et_pb_row][et_pb_row _builder_version=&#8221;4.27.4&#8243; _module_preset=&#8221;default&#8221; global_colors_info=&#8221;{}&#8221;][et_pb_column type=&#8221;4_4&#8243; _builder_version=&#8221;4.27.4&#8243; _module_preset=&#8221;default&#8221; global_colors_info=&#8221;{}&#8221;][et_pb_code _builder_version=&#8221;4.27.4&#8243; _module_preset=&#8221;default&#8221; global_colors_info=&#8221;{}&#8221;]<div id=\"metaslider-id-43009\" style=\"width: 100%; margin: 0 auto;\" class=\"ml-slider-3-108-0 metaslider metaslider-flex metaslider-43009 ml-slider has-carousel-mode ms-theme-default-base nav-hidden\" role=\"region\" aria-label=\"Nos publications\" data-height=\"250\" data-width=\"250\">\n    <div id=\"metaslider_container_43009\">\n        <div id=\"metaslider_43009\">\n            <ul class='slides'>\n                <li style=\"display: none; width: 100%;\" class=\"slide-43010 ms-image \" aria-roledescription=\"slide\" data-date=\"2025-03-29 22:06:53\" data-filename=\"ourpub01-250x250.png\" data-slide-type=\"image\"><a href=\"https:\/\/aclt-acoc.ca\/wp-content\/uploads\/2025\/01\/potential-for-partnership-FR-Web.pdf\" target=\"_blank\" aria-label=\"Voir les d\u00e9tails de la diapositive\" class=\"metaslider_image_link\"><img loading=\"lazy\" decoding=\"async\" src=\"https:\/\/aclt-acoc.ca\/wp-content\/uploads\/2025\/03\/ourpub01-250x250.png\" height=\"250\" width=\"250\" alt=\"\" class=\"slider-43009 slide-43010 msDefaultImage\" title=\"ourpub01\" \/><\/a><\/li>\n                <li style=\"display: none; width: 100%;\" class=\"slide-43011 ms-image \" aria-roledescription=\"slide\" data-date=\"2025-03-29 22:06:53\" data-filename=\"ourpub02-250x250.png\" data-slide-type=\"image\"><a href=\"https:\/\/aclt-acoc.ca\/wp-content\/uploads\/2023\/05\/ConservationOptionsMunicipalities-2023-OptionsDeConservationPourLesMunicipalitesDuCanada.pdf\" target=\"_blank\" aria-label=\"Voir les d\u00e9tails de la diapositive\" class=\"metaslider_image_link\"><img loading=\"lazy\" decoding=\"async\" src=\"https:\/\/aclt-acoc.ca\/wp-content\/uploads\/2025\/03\/ourpub02-250x250.png\" height=\"250\" width=\"250\" alt=\"\" class=\"slider-43009 slide-43011 msDefaultImage\" title=\"ourpub02\" \/><\/a><\/li>\n                <li style=\"display: none; width: 100%;\" class=\"slide-43012 ms-image \" aria-roledescription=\"slide\" data-date=\"2025-03-29 22:06:53\" data-filename=\"ourpub03-250x250.png\" data-slide-type=\"image\"><a href=\"https:\/\/aclt-acoc.ca\/wp-content\/uploads\/2024\/08\/Conservation-des-terres-avec-des-avantages-pour-le-public.pdf\" target=\"_blank\" aria-label=\"Voir les d\u00e9tails de la diapositive\" class=\"metaslider_image_link\"><img loading=\"lazy\" decoding=\"async\" src=\"https:\/\/aclt-acoc.ca\/wp-content\/uploads\/2025\/03\/ourpub03-250x250.png\" height=\"250\" width=\"250\" alt=\"\" class=\"slider-43009 slide-43012 msDefaultImage\" title=\"ourpub03\" \/><\/a><\/li>\n                <li style=\"display: none; width: 100%;\" class=\"slide-43013 ms-image \" aria-roledescription=\"slide\" data-date=\"2025-03-29 22:06:53\" data-filename=\"ourpub04-250x250.png\" data-slide-type=\"image\"><a href=\"https:\/\/aclt-acoc.ca\/wp-content\/uploads\/2024\/11\/ACLT_-2024-Fiche-dinformation-OCA-et-Land-Back.pdf\" target=\"_blank\" aria-label=\"Voir les d\u00e9tails de la diapositive\" class=\"metaslider_image_link\"><img loading=\"lazy\" decoding=\"async\" src=\"https:\/\/aclt-acoc.ca\/wp-content\/uploads\/2025\/03\/ourpub04-250x250.png\" height=\"250\" width=\"250\" alt=\"\" class=\"slider-43009 slide-43013 msDefaultImage\" title=\"ourpub04\" \/><\/a><\/li>\n                <li style=\"display: none; width: 100%;\" class=\"slide-43014 ms-image \" aria-roledescription=\"slide\" data-date=\"2025-03-29 22:06:53\" data-filename=\"ourpub05-250x250.png\" data-slide-type=\"image\"><a href=\"https:\/\/aclt-acoc.ca\/wp-content\/uploads\/2024\/05\/2023_guide-de-demarrage_FR_ecran.pdf\" target=\"_blank\" aria-label=\"Voir les d\u00e9tails de la diapositive\" class=\"metaslider_image_link\"><img loading=\"lazy\" decoding=\"async\" src=\"https:\/\/aclt-acoc.ca\/wp-content\/uploads\/2025\/03\/ourpub05-250x250.png\" height=\"250\" width=\"250\" alt=\"\" class=\"slider-43009 slide-43014 msDefaultImage\" title=\"ourpub05\" \/><\/a><\/li>\n                <li style=\"display: none; width: 100%;\" class=\"slide-43015 ms-image \" aria-roledescription=\"slide\" data-date=\"2025-03-29 22:15:18\" data-filename=\"ourpub06.png\" data-slide-type=\"image\"><a href=\"https:\/\/aclt-acoc.ca\/wp-content\/uploads\/2023\/05\/2023-ACOC-CMB_FR.pdf\" target=\"_blank\" aria-label=\"Voir les d\u00e9tails de la diapositive\" class=\"metaslider_image_link\"><img loading=\"lazy\" decoding=\"async\" src=\"https:\/\/aclt-acoc.ca\/wp-content\/uploads\/2025\/03\/ourpub06.png\" height=\"250\" width=\"250\" alt=\"\" class=\"slider-43009 slide-43015 msDefaultImage\" title=\"ourpub06\" \/><\/a><\/li>\n            <\/ul>\n        <\/div>\n        \n    <\/div>\n<\/div>[\/et_pb_code][\/et_pb_column][\/et_pb_row][\/et_pb_section][et_pb_section fb_built=&#8221;1&#8243; admin_label=&#8221;newsletter&#8221; _builder_version=&#8221;4.27.4&#8243; _module_preset=&#8221;default&#8221; custom_padding=&#8221;0px||||false|false&#8221; locked=&#8221;off&#8221; collapsed=&#8221;on&#8221; global_colors_info=&#8221;{}&#8221;][et_pb_row _builder_version=&#8221;4.27.4&#8243; _module_preset=&#8221;default&#8221; custom_margin=&#8221;||0px||false|false&#8221; custom_padding=&#8221;||0px||false|false&#8221; global_colors_info=&#8221;{}&#8221;][et_pb_column type=&#8221;4_4&#8243; _builder_version=&#8221;4.27.4&#8243; _module_preset=&#8221;default&#8221; global_colors_info=&#8221;{}&#8221;][et_pb_text _builder_version=&#8221;4.27.4&#8243; _module_preset=&#8221;default&#8221; header_2_font=&#8221;|700|||||||&#8221; header_2_text_align=&#8221;left&#8221; header_2_text_color=&#8221;#1074bb&#8221; header_2_font_size=&#8221;32px&#8221; header_2_font_size_tablet=&#8221;28px&#8221; header_2_font_size_phone=&#8221;22px&#8221; header_2_font_size_last_edited=&#8221;on|desktop&#8221; global_colors_info=&#8221;{}&#8221;]<\/p>\n<h2><span class=\"OYPEnA font-feature-liga-off font-feature-clig-off font-feature-calt-off text-decoration-none text-strikethrough-none\">Restez inform\u00e9(e) !<\/span><\/h2>\n<p>[\/et_pb_text][\/et_pb_column][\/et_pb_row][et_pb_row column_structure=&#8221;2_3,1_3&#8243; _builder_version=&#8221;4.27.4&#8243; _module_preset=&#8221;default&#8221; custom_margin=&#8221;||0px||false|false&#8221; custom_padding=&#8221;||0px||false|false&#8221; global_colors_info=&#8221;{}&#8221;][et_pb_column type=&#8221;2_3&#8243; _builder_version=&#8221;4.27.4&#8243; _module_preset=&#8221;default&#8221; global_colors_info=&#8221;{}&#8221;][et_pb_text _builder_version=&#8221;4.27.4&#8243; _module_preset=&#8221;default&#8221; header_2_font=&#8221;|700|||||||&#8221; header_2_text_align=&#8221;left&#8221; header_2_text_color=&#8221;#1074bb&#8221; header_2_font_size=&#8221;32px&#8221; header_2_font_size_tablet=&#8221;28px&#8221; header_2_font_size_phone=&#8221;22px&#8221; header_2_font_size_last_edited=&#8221;on|desktop&#8221; global_colors_info=&#8221;{}&#8221;]<\/p>\n<p><span class=\"OYPEnA white-space-prewrap font-feature-liga-off font-feature-clig-off font-feature-calt-off text-decoration-none text-strikethrough-none\"><\/span><span class=\"OYPEnA font-feature-liga-off font-feature-clig-off font-feature-calt-off text-decoration-none text-strikethrough-none\">Abonnez-vous \u00e0 notre infolettre pour recevoir des mises \u00e0 jour et des ressources sur le monde de la conservation des terres.<\/span><\/p>\n<p>[\/et_pb_text][\/et_pb_column][et_pb_column type=&#8221;1_3&#8243; _builder_version=&#8221;4.27.4&#8243; _module_preset=&#8221;default&#8221; global_colors_info=&#8221;{}&#8221;][et_pb_button button_url=&#8221;https:\/\/ltacanada.us11.list-manage.com\/subscribe?u=5736a744a01af79cc41f7e7af&#038;id=19c9cf86d4&#8243; button_text=&#8221;Je veux rester inform\u00e9(e)&#8221; _builder_version=&#8221;4.27.4&#8243; _module_preset=&#8221;default&#8221; custom_button=&#8221;on&#8221; button_text_color=&#8221;#FFFFFF&#8221; button_bg_color=&#8221;#3A731F&#8221; button_border_radius=&#8221;53px&#8221; button_use_icon=&#8221;off&#8221; background_layout=&#8221;dark&#8221; global_colors_info=&#8221;{}&#8221;][\/et_pb_button][\/et_pb_column][\/et_pb_row][\/et_pb_section]<\/p>\n","protected":false},"excerpt":{"rendered":"<p>Qui sommes-nous ?Renforcer la conservation des terres \u00e0 travers le Canada.Emilie ForgetNotre croissance et notre impactDepuis sa cr\u00e9ation, l\u2019Alliance canadienne des organismes de conservation (ACOC) est devenue le porte-parole des organismes de conservation locaux et r\u00e9gionaux et constitue une voix nationale en faveur de la conservation des terres. Notre travail repose sur la collaboration, le [&hellip;]<\/p>\n","protected":false},"author":108,"featured_media":0,"parent":0,"menu_order":0,"comment_status":"closed","ping_status":"closed","template":"","meta":{"_et_pb_use_builder":"on","_et_pb_old_content":"","_et_gb_content_width":"","inline_featured_image":false,"footnotes":""},"class_list":["post-42442","page","type-page","status-publish","hentry"],"yoast_head":"<!-- This site is optimized with the Yoast SEO plugin v27.5 - https:\/\/yoast.com\/product\/yoast-seo-wordpress\/ -->\n<title>Qui sommes nous - Alliance of Canadian Land Trusts<\/title>\n<meta name=\"robots\" content=\"index, follow, max-snippet:-1, max-image-preview:large, max-video-preview:-1\" \/>\n<link rel=\"canonical\" href=\"https:\/\/aclt-acoc.ca\/fr\/qui-sommes-nous\/\" \/>\n<meta property=\"og:locale\" content=\"fr_FR\" \/>\n<meta property=\"og:type\" content=\"article\" \/>\n<meta property=\"og:title\" content=\"Qui sommes nous - Alliance of Canadian Land Trusts\" \/>\n<meta property=\"og:description\" content=\"Qui sommes-nous ?Renforcer la conservation des terres \u00e0 travers le Canada.Emilie ForgetNotre croissance et notre impactDepuis sa cr\u00e9ation, l\u2019Alliance canadienne des organismes de conservation (ACOC) est devenue le porte-parole des organismes de conservation locaux et r\u00e9gionaux et constitue une voix nationale en faveur de la conservation des terres. Notre travail repose sur la collaboration, le [&hellip;]\" \/>\n<meta property=\"og:url\" content=\"https:\/\/aclt-acoc.ca\/fr\/qui-sommes-nous\/\" \/>\n<meta property=\"og:site_name\" content=\"Alliance of Canadian Land Trusts\" \/>\n<meta property=\"article:modified_time\" content=\"2026-03-05T14:59:07+00:00\" \/>\n<meta property=\"og:image\" content=\"https:\/\/aclt-acoc.ca\/wp-content\/uploads\/2025\/04\/PDF_icon.png\" \/>\n<meta name=\"twitter:card\" content=\"summary_large_image\" \/>\n<meta name=\"twitter:label1\" content=\"Dur\u00e9e de lecture estim\u00e9e\" \/>\n\t<meta name=\"twitter:data1\" content=\"6 minutes\" \/>\n<script type=\"application\/ld+json\" class=\"yoast-schema-graph\">{\"@context\":\"https:\\\/\\\/schema.org\",\"@graph\":[{\"@type\":\"WebPage\",\"@id\":\"https:\\\/\\\/aclt-acoc.ca\\\/fr\\\/qui-sommes-nous\\\/\",\"url\":\"https:\\\/\\\/aclt-acoc.ca\\\/fr\\\/qui-sommes-nous\\\/\",\"name\":\"Qui sommes nous - Alliance of Canadian Land Trusts\",\"isPartOf\":{\"@id\":\"https:\\\/\\\/aclt-acoc.ca\\\/fr\\\/#website\"},\"primaryImageOfPage\":{\"@id\":\"https:\\\/\\\/aclt-acoc.ca\\\/fr\\\/qui-sommes-nous\\\/#primaryimage\"},\"image\":{\"@id\":\"https:\\\/\\\/aclt-acoc.ca\\\/fr\\\/qui-sommes-nous\\\/#primaryimage\"},\"thumbnailUrl\":\"https:\\\/\\\/aclt-acoc.ca\\\/wp-content\\\/uploads\\\/2025\\\/04\\\/PDF_icon.png\",\"datePublished\":\"2025-03-22T04:03:39+00:00\",\"dateModified\":\"2026-03-05T14:59:07+00:00\",\"breadcrumb\":{\"@id\":\"https:\\\/\\\/aclt-acoc.ca\\\/fr\\\/qui-sommes-nous\\\/#breadcrumb\"},\"inLanguage\":\"fr-FR\",\"potentialAction\":[{\"@type\":\"ReadAction\",\"target\":[\"https:\\\/\\\/aclt-acoc.ca\\\/fr\\\/qui-sommes-nous\\\/\"]}]},{\"@type\":\"ImageObject\",\"inLanguage\":\"fr-FR\",\"@id\":\"https:\\\/\\\/aclt-acoc.ca\\\/fr\\\/qui-sommes-nous\\\/#primaryimage\",\"url\":\"https:\\\/\\\/aclt-acoc.ca\\\/wp-content\\\/uploads\\\/2025\\\/04\\\/PDF_icon.png\",\"contentUrl\":\"https:\\\/\\\/aclt-acoc.ca\\\/wp-content\\\/uploads\\\/2025\\\/04\\\/PDF_icon.png\"},{\"@type\":\"BreadcrumbList\",\"@id\":\"https:\\\/\\\/aclt-acoc.ca\\\/fr\\\/qui-sommes-nous\\\/#breadcrumb\",\"itemListElement\":[{\"@type\":\"ListItem\",\"position\":1,\"name\":\"Home\",\"item\":\"https:\\\/\\\/aclt-acoc.ca\\\/fr\\\/\"},{\"@type\":\"ListItem\",\"position\":2,\"name\":\"Qui sommes nous\"}]},{\"@type\":\"WebSite\",\"@id\":\"https:\\\/\\\/aclt-acoc.ca\\\/fr\\\/#website\",\"url\":\"https:\\\/\\\/aclt-acoc.ca\\\/fr\\\/\",\"name\":\"Alliance of Canadian Land Trusts\",\"description\":\"\",\"potentialAction\":[{\"@type\":\"SearchAction\",\"target\":{\"@type\":\"EntryPoint\",\"urlTemplate\":\"https:\\\/\\\/aclt-acoc.ca\\\/fr\\\/?s={search_term_string}\"},\"query-input\":{\"@type\":\"PropertyValueSpecification\",\"valueRequired\":true,\"valueName\":\"search_term_string\"}}],\"inLanguage\":\"fr-FR\"}]}<\/script>\n<!-- \/ Yoast SEO plugin. -->","yoast_head_json":{"title":"Qui sommes nous - Alliance of Canadian Land Trusts","robots":{"index":"index","follow":"follow","max-snippet":"max-snippet:-1","max-image-preview":"max-image-preview:large","max-video-preview":"max-video-preview:-1"},"canonical":"https:\/\/aclt-acoc.ca\/fr\/qui-sommes-nous\/","og_locale":"fr_FR","og_type":"article","og_title":"Qui sommes nous - Alliance of Canadian Land Trusts","og_description":"Qui sommes-nous ?Renforcer la conservation des terres \u00e0 travers le Canada.Emilie ForgetNotre croissance et notre impactDepuis sa cr\u00e9ation, l\u2019Alliance canadienne des organismes de conservation (ACOC) est devenue le porte-parole des organismes de conservation locaux et r\u00e9gionaux et constitue une voix nationale en faveur de la conservation des terres. Notre travail repose sur la collaboration, le [&hellip;]","og_url":"https:\/\/aclt-acoc.ca\/fr\/qui-sommes-nous\/","og_site_name":"Alliance of Canadian Land Trusts","article_modified_time":"2026-03-05T14:59:07+00:00","og_image":[{"url":"https:\/\/aclt-acoc.ca\/wp-content\/uploads\/2025\/04\/PDF_icon.png","type":"","width":"","height":""}],"twitter_card":"summary_large_image","twitter_misc":{"Dur\u00e9e de lecture estim\u00e9e":"6 minutes"},"schema":{"@context":"https:\/\/schema.org","@graph":[{"@type":"WebPage","@id":"https:\/\/aclt-acoc.ca\/fr\/qui-sommes-nous\/","url":"https:\/\/aclt-acoc.ca\/fr\/qui-sommes-nous\/","name":"Qui sommes nous - Alliance of Canadian Land Trusts","isPartOf":{"@id":"https:\/\/aclt-acoc.ca\/fr\/#website"},"primaryImageOfPage":{"@id":"https:\/\/aclt-acoc.ca\/fr\/qui-sommes-nous\/#primaryimage"},"image":{"@id":"https:\/\/aclt-acoc.ca\/fr\/qui-sommes-nous\/#primaryimage"},"thumbnailUrl":"https:\/\/aclt-acoc.ca\/wp-content\/uploads\/2025\/04\/PDF_icon.png","datePublished":"2025-03-22T04:03:39+00:00","dateModified":"2026-03-05T14:59:07+00:00","breadcrumb":{"@id":"https:\/\/aclt-acoc.ca\/fr\/qui-sommes-nous\/#breadcrumb"},"inLanguage":"fr-FR","potentialAction":[{"@type":"ReadAction","target":["https:\/\/aclt-acoc.ca\/fr\/qui-sommes-nous\/"]}]},{"@type":"ImageObject","inLanguage":"fr-FR","@id":"https:\/\/aclt-acoc.ca\/fr\/qui-sommes-nous\/#primaryimage","url":"https:\/\/aclt-acoc.ca\/wp-content\/uploads\/2025\/04\/PDF_icon.png","contentUrl":"https:\/\/aclt-acoc.ca\/wp-content\/uploads\/2025\/04\/PDF_icon.png"},{"@type":"BreadcrumbList","@id":"https:\/\/aclt-acoc.ca\/fr\/qui-sommes-nous\/#breadcrumb","itemListElement":[{"@type":"ListItem","position":1,"name":"Home","item":"https:\/\/aclt-acoc.ca\/fr\/"},{"@type":"ListItem","position":2,"name":"Qui sommes nous"}]},{"@type":"WebSite","@id":"https:\/\/aclt-acoc.ca\/fr\/#website","url":"https:\/\/aclt-acoc.ca\/fr\/","name":"Alliance of Canadian Land Trusts","description":"","potentialAction":[{"@type":"SearchAction","target":{"@type":"EntryPoint","urlTemplate":"https:\/\/aclt-acoc.ca\/fr\/?s={search_term_string}"},"query-input":{"@type":"PropertyValueSpecification","valueRequired":true,"valueName":"search_term_string"}}],"inLanguage":"fr-FR"}]}},"_links":{"self":[{"href":"https:\/\/aclt-acoc.ca\/fr\/wp-json\/wp\/v2\/pages\/42442","targetHints":{"allow":["GET"]}}],"collection":[{"href":"https:\/\/aclt-acoc.ca\/fr\/wp-json\/wp\/v2\/pages"}],"about":[{"href":"https:\/\/aclt-acoc.ca\/fr\/wp-json\/wp\/v2\/types\/page"}],"author":[{"embeddable":true,"href":"https:\/\/aclt-acoc.ca\/fr\/wp-json\/wp\/v2\/users\/108"}],"replies":[{"embeddable":true,"href":"https:\/\/aclt-acoc.ca\/fr\/wp-json\/wp\/v2\/comments?post=42442"}],"version-history":[{"count":28,"href":"https:\/\/aclt-acoc.ca\/fr\/wp-json\/wp\/v2\/pages\/42442\/revisions"}],"predecessor-version":[{"id":45166,"href":"https:\/\/aclt-acoc.ca\/fr\/wp-json\/wp\/v2\/pages\/42442\/revisions\/45166"}],"wp:attachment":[{"href":"https:\/\/aclt-acoc.ca\/fr\/wp-json\/wp\/v2\/media?parent=42442"}],"curies":[{"name":"wp","href":"https:\/\/api.w.org\/{rel}","templated":true}]}}